{"id":1890,"date":"2025-02-20T13:04:05","date_gmt":"2025-02-20T13:04:05","guid":{"rendered":"http:\/\/www.severinkroj.com\/?page_id=1890"},"modified":"2025-05-23T13:08:39","modified_gmt":"2025-05-23T11:08:39","slug":"center-prenove-zalec","status":"publish","type":"page","link":"http:\/\/www.severinkroj.com\/?page_id=1890","title":{"rendered":"CENTER PRENOVE"},"content":{"rendered":"\n<p class=\"has-text-color has-link-color wp-elements-5f4f615eaf8872d14a7e1d710f9a85fc\" style=\"color:#753aae\">Ideja: <strong>\u017diga Birsa<\/strong> ( na podlagi 30 letnih izku\u0161enj) <br>Pravna oblika: <strong>Dru\u0161tvo MUC<\/strong>, \u017dalec<br>Foto: iz arhiva \u017diga Birsa, ekspresija.si in drugi<\/p>\n\n\n\n<p class=\"has-text-color has-link-color wp-elements-f4f2e61f5f55650607ec9249d749c87d\" style=\"color:#8a1919\"><strong>klju\u010dne besede: <\/strong><br>nov svet, zelo povezan z uporabnim, zdrava kme\u010dka pamet, enost, sobivanje, soustvarjanje, prizemljeno znanje, ve\u010dja svoboda, ekologija, prostranstvo idej in re\u0161itev, iznajdljivost, dobre prakse, inovativnost, skupna sre\u010da, vklju\u010denost, \u010dlovek in narava v slogi, trajnostni na\u010din \u017eivljenja, &#8230;<\/p>\n\n\n\n<figure class=\"wp-block-gallery has-nested-images columns-default is-cropped wp-block-gallery-1 is-layout-flex wp-block-gallery-is-layout-flex\">\n<figure class=\"wp-block-image size-large\"><img loading=\"lazy\" decoding=\"async\" width=\"2816\" height=\"2112\" data-id=\"1915\" src=\"http:\/\/www.severinkroj.com\/wp-content\/uploads\/2025\/02\/IMG_8010.jpg\" alt=\"\" class=\"wp-image-1915\"\/><\/figure>\n\n\n\n<figure class=\"wp-block-image size-large\"><img loading=\"lazy\" decoding=\"async\" width=\"5760\" height=\"3840\" data-id=\"1916\" src=\"http:\/\/www.severinkroj.com\/wp-content\/uploads\/2025\/02\/035A7458.jpg\" alt=\"\" class=\"wp-image-1916\"\/><\/figure>\n\n\n\n<figure class=\"wp-block-image size-large\"><img loading=\"lazy\" decoding=\"async\" width=\"4000\" height=\"3000\" data-id=\"1912\" src=\"http:\/\/www.severinkroj.com\/wp-content\/uploads\/2025\/02\/IMG_6262.jpg\" alt=\"\" class=\"wp-image-1912\"\/><\/figure>\n<\/figure>\n\n\n\n<p class=\"has-text-color has-link-color wp-elements-96f7ce45b3f2a5feb9216cfe5a77aef3\" style=\"color:#c3920b\">Center prenove, v vsej svoji funkciji, je moj na\u010din \u017eivljenja. V kolikor se da, <strong>stvari popravim, jih uporabljam do konca in \u0161e dlje,<\/strong> \u010de se da, jih potem ponovno uporabim, razstavim, naredim iz odpadnih delov sliko, in\u0161trument ali neko novo uporabno stvar ipd. Ljudje mi venomer nosijo svoje odrabljene stvari, kot da bi vedeli, da bom vedel, kaj z njimi. Iz tega se je razvil Center Prenove, ki sedaj i\u0161\u010de svoje pravo mesto, kjer bo lahko cvetel in se razvijal v <strong>povezovalno dru\u017ebeno strukturo. <\/strong><\/p>\n\n\n\n<figure class=\"wp-block-gallery has-nested-images columns-default is-cropped wp-block-gallery-2 is-layout-flex wp-block-gallery-is-layout-flex\">\n<figure class=\"wp-block-image size-large\"><img loading=\"lazy\" decoding=\"async\" width=\"4000\" height=\"3000\" data-id=\"1910\" src=\"http:\/\/www.severinkroj.com\/wp-content\/uploads\/2025\/02\/IMG_6192.jpg\" alt=\"\" class=\"wp-image-1910\"\/><\/figure>\n\n\n\n<figure class=\"wp-block-image size-large\"><img loading=\"lazy\" decoding=\"async\" width=\"4000\" height=\"3000\" data-id=\"1909\" src=\"http:\/\/www.severinkroj.com\/wp-content\/uploads\/2025\/02\/IMG_5930.jpg\" alt=\"\" class=\"wp-image-1909\"\/><\/figure>\n\n\n\n<figure class=\"wp-block-image size-large\"><img loading=\"lazy\" decoding=\"async\" width=\"4000\" height=\"3000\" data-id=\"1908\" src=\"http:\/\/www.severinkroj.com\/wp-content\/uploads\/2025\/02\/IMG_5784.jpg\" alt=\"\" class=\"wp-image-1908\"\/><\/figure>\n<\/figure>\n\n\n\n<p class=\"has-text-color has-link-color wp-elements-2709ea63a4e72850eed422e46bf1e6cc\" style=\"color:#561890\">Seveda je center prenove namenjen stvarem, da jim podalj\u0161amo \u017eivljenjsko dobo, jih ohranimo, obdr\u017eimo v obtoku, pa vendar,<strong> je namenjen v prvi vrsti ljudem<\/strong>, ustvarjalnim ljudem, ki se ne bojijo izzivov \u017eivljenja, ker \u017ee imajo veliko izku\u0161enj. Nekateri bodo na\u0161li smiselno delo v rekonstrukciji, preobrazbi &#8211; to je del naravnega cikla, ker je preobrazba ve\u010dkrat dejavna tudi v \u010dlove\u0161kem \u017eivljenju. Nekateri bodo na\u0161li dru\u017ebo in smisel v zbiranju, prerazporejanju, razdeljevanju, v spremljajo\u010dih aktivnostih. Nekateri se bodo informirali, se kaj novega nau\u010dili, ali spoznali kak\u0161en svoj nov obraz, izraz. Nekateri bodo radodarno delili svoja znanja. Prilo\u017enosti za dru\u017eenje bo vedno ve\u010d, saj je skupnost osnovna celica dru\u017ebe. <strong>Imamo mo\u010dna orodja za grajenje stabilne skupnosti<\/strong>.<\/p>\n\n\n\n<figure class=\"wp-block-gallery has-nested-images columns-default is-cropped wp-block-gallery-3 is-layout-flex wp-block-gallery-is-layout-flex\">\n<figure class=\"wp-block-image size-large\"><img loading=\"lazy\" decoding=\"async\" width=\"5760\" height=\"3840\" data-id=\"1898\" src=\"http:\/\/www.severinkroj.com\/wp-content\/uploads\/2025\/02\/Camp_Corenina_2024_60.jpg\" alt=\"\" class=\"wp-image-1898\"\/><\/figure>\n\n\n\n<figure class=\"wp-block-image size-large\"><img loading=\"lazy\" decoding=\"async\" width=\"2048\" height=\"1365\" data-id=\"1899\" src=\"http:\/\/www.severinkroj.com\/wp-content\/uploads\/2025\/02\/DJI_0629.jpg\" alt=\"\" class=\"wp-image-1899\"\/><\/figure>\n\n\n\n<figure class=\"wp-block-image size-large\"><img loading=\"lazy\" decoding=\"async\" width=\"5760\" height=\"3840\" data-id=\"1894\" src=\"http:\/\/www.severinkroj.com\/wp-content\/uploads\/2025\/02\/035A7945.jpg\" alt=\"\" class=\"wp-image-1894\"\/><\/figure>\n<\/figure>\n\n\n\n<p class=\"has-text-color has-link-color wp-elements-270c28c184a0ab13b3c77f3be846acdb\" style=\"color:#6e1717\">Vklju\u010devali bomo vse lokalne ustanove, ki delujejo na podro\u010dju <strong>dru\u017ebe, kulture, ekologije, trajnostnega razvoja,<\/strong> od ob\u010dine, \u0161ole, vrtca, do komunale, lokalnih podjetij. \u017delimo obujati in ohranjati z naravo usklajene prakse, ki delujejo; \u017eelimo gojiti \u017eivo, pristno, slovensko kulturo, tako v duhu, kot v rastlinskem in \u017eivalskem svetu. Ker smo popolnoma odvisni od narave, je na\u0161a dol\u017enost, da \u017eivimo in delujemo na \u010dim bolj<strong> trajnosten na\u010din<\/strong> &#8211; to za nas pomeni, da sku\u0161amo s svojim na\u010dinom \u017eivljenja (kot dru\u017eba) pustiti \u010dim bolj\u0161i vtis na okolje. Naj rastejo dobre stvari. Zato prosimo lokalne ustanove za podporo pri uresni\u010ditvi projekta <strong>CENTER PRENOVE. <\/strong>To bo velik doprinos za lokalno skupnost. Bo tudi zgled za druge skupnosti. Na ta projekt bomo vsi ponosni. <\/p>\n\n\n\n<figure class=\"wp-block-gallery has-nested-images columns-default is-cropped wp-block-gallery-4 is-layout-flex wp-block-gallery-is-layout-flex\">\n<figure class=\"wp-block-image size-large\"><img loading=\"lazy\" decoding=\"async\" width=\"4000\" height=\"3000\" data-id=\"1904\" src=\"http:\/\/www.severinkroj.com\/wp-content\/uploads\/2025\/02\/IMG_5273.jpg\" alt=\"\" class=\"wp-image-1904\"\/><\/figure>\n\n\n\n<figure class=\"wp-block-image size-large\"><img loading=\"lazy\" decoding=\"async\" width=\"4000\" height=\"3000\" data-id=\"1903\" src=\"http:\/\/www.severinkroj.com\/wp-content\/uploads\/2025\/02\/IMG_4420.jpg\" alt=\"\" class=\"wp-image-1903\"\/><\/figure>\n\n\n\n<figure class=\"wp-block-image size-large\"><img loading=\"lazy\" decoding=\"async\" width=\"2272\" height=\"1704\" data-id=\"1900\" src=\"http:\/\/www.severinkroj.com\/wp-content\/uploads\/2025\/02\/IMG_0023.jpg\" alt=\"\" class=\"wp-image-1900\"\/><\/figure>\n<\/figure>\n\n\n\n<p class=\"has-text-color has-link-color wp-elements-3a7259970a121dcfeac93cf9fa7c2ab2\" style=\"color:#379e38\"><strong>Center prenove bo kmalu za\u010del svojo konkretno rast<\/strong>, imamo nekaj ugodnih lokacij, kjer bi se lahko razvil, \u0161e najbolj\u0161e bi bilo, da bi se lahko razvil \u010disto iz zemlje, postopoma, organsko, tako da so njegove komponente zgrajene ve\u010dinoma iz naravnih, odpadnih oz. odve\u010dnih oz. recikliranih materialov od temeljev, do strehe. <strong>Tukaj smo, da ustvarjamo nov svet<\/strong>, to pomeni tudi na podro\u010dju bivalnega okolja. Ustvarili bomo preproste ambiente, v katerih se bo \u010dlovek (zaradi strukture in materialov) po\u010dutil posebej navdahnjenega.<\/p>\n\n\n\n<figure class=\"wp-block-gallery has-nested-images columns-default is-cropped wp-block-gallery-5 is-layout-flex wp-block-gallery-is-layout-flex\">\n<figure class=\"wp-block-image size-large\"><img loading=\"lazy\" decoding=\"async\" width=\"5760\" height=\"3840\" data-id=\"1896\" src=\"http:\/\/www.severinkroj.com\/wp-content\/uploads\/2025\/02\/Camp_Corenina_2024_30.jpg\" alt=\"\" class=\"wp-image-1896\"\/><\/figure>\n\n\n\n<figure class=\"wp-block-image size-large\"><img loading=\"lazy\" decoding=\"async\" width=\"4000\" height=\"3000\" data-id=\"1901\" src=\"http:\/\/www.severinkroj.com\/wp-content\/uploads\/2025\/02\/IMG_0473.jpg\" alt=\"\" class=\"wp-image-1901\"\/><\/figure>\n\n\n\n<figure class=\"wp-block-image size-large\"><img loading=\"lazy\" decoding=\"async\" width=\"5760\" height=\"3840\" data-id=\"1893\" src=\"http:\/\/www.severinkroj.com\/wp-content\/uploads\/2025\/02\/035A7856.jpg\" alt=\"\" class=\"wp-image-1893\"\/><\/figure>\n<\/figure>\n\n\n\n<p class=\"has-text-color has-link-color wp-elements-56ef48cc2fa3d27a350d7c104e688ce5\" style=\"color:#821b1b\"><strong>Dobrodo\u0161li <\/strong>potencialni sodelavci, ljudje, ki lahko pripomorete k temu, da se tak center zgodi. Za nas, za na\u0161e potomce in za zemljo, da smo v skladu z njo. Dobrodo\u0161li podporniki in pobudniki, ljudje, ki lahko te zamisli konkretno podprete, dobrodo\u0161li donatorji, meceni, simpatizerji in pri\u010de, pokli\u010dite me na 051 737 020, \u017diga Birsa, ali pi\u0161ite na ziga.birsa(at)gmail.com ali zum.muc(at)gmail.com<\/p>\n\n\n\n<figure class=\"wp-block-gallery has-nested-images columns-default is-cropped wp-block-gallery-6 is-layout-flex wp-block-gallery-is-layout-flex\">\n<figure class=\"wp-block-image size-large\"><img loading=\"lazy\" decoding=\"async\" width=\"3840\" height=\"5760\" data-id=\"1736\" src=\"http:\/\/www.severinkroj.com\/wp-content\/uploads\/2024\/10\/ziga-fg.jpg\" alt=\"\" class=\"wp-image-1736\"\/><\/figure>\n\n\n\n<figure class=\"wp-block-image size-large\"><img loading=\"lazy\" decoding=\"async\" width=\"4000\" height=\"3000\" data-id=\"1902\" src=\"http:\/\/www.severinkroj.com\/wp-content\/uploads\/2025\/02\/IMG_0540.jpg\" alt=\"\" class=\"wp-image-1902\"\/><\/figure>\n\n\n\n<figure class=\"wp-block-image size-large\"><img loading=\"lazy\" decoding=\"async\" width=\"5760\" height=\"3840\" data-id=\"1897\" src=\"http:\/\/www.severinkroj.com\/wp-content\/uploads\/2025\/02\/Camp_Corenina_2024_33.jpg\" alt=\"\" class=\"wp-image-1897\"\/><\/figure>\n<\/figure>\n\n\n\n<p><a href=\"http:\/\/www.severinkroj.com\" data-type=\"link\" data-id=\"www.severinkroj.com\">Ho\u010dem nazaj DOMOV<\/a><\/p>\n\n\n\n<figure class=\"wp-block-gallery has-nested-images columns-default is-cropped wp-block-gallery-7 is-layout-flex wp-block-gallery-is-layout-flex\">\n<figure class=\"wp-block-image size-large\"><img loading=\"lazy\" decoding=\"async\" width=\"960\" height=\"720\" data-id=\"1923\" src=\"http:\/\/www.severinkroj.com\/wp-content\/uploads\/2025\/02\/bobnarski-krog.jpg\" alt=\"\" class=\"wp-image-1923\"\/><\/figure>\n\n\n\n<figure class=\"wp-block-image size-large\"><img loading=\"lazy\" decoding=\"async\" width=\"1536\" height=\"2048\" data-id=\"1924\" src=\"http:\/\/www.severinkroj.com\/wp-content\/uploads\/2025\/02\/350370296_776297327478625_1160521261194525079_n.jpg\" alt=\"\" class=\"wp-image-1924\"\/><\/figure>\n\n\n\n<figure class=\"wp-block-image size-large\"><img loading=\"lazy\" decoding=\"async\" width=\"1536\" height=\"2048\" data-id=\"1925\" src=\"http:\/\/www.severinkroj.com\/wp-content\/uploads\/2025\/02\/Iglu-pred-Jamo.jpg\" alt=\"\" class=\"wp-image-1925\"\/><\/figure>\n\n\n\n<figure class=\"wp-block-image size-large\"><img loading=\"lazy\" decoding=\"async\" width=\"1286\" height=\"857\" data-id=\"1922\" src=\"http:\/\/www.severinkroj.com\/wp-content\/uploads\/2025\/02\/Shamanika-kreativa.jpg\" alt=\"\" class=\"wp-image-1922\"\/><\/figure>\n<\/figure>\n\n\n\n<p><\/p>\n","protected":false},"excerpt":{"rendered":"<p>Ideja: \u017diga Birsa ( na podlagi 30 letnih izku\u0161enj) Pravna oblika: Dru\u0161tvo MUC, \u017dalecFoto: iz arhiva \u017diga Birsa, ekspresija.si in drugi klju\u010dne besede: nov svet, zelo povezan z uporabnim, zdrava kme\u010dka pamet, enost, sobivanje, soustvarjanje, prizemljeno znanje, ve\u010dja svoboda, ekologija, prostranstvo idej in re\u0161itev, iznajdljivost, dobre prakse, inovativnost, skupna sre\u010da, vklju\u010denost, \u010dlovek in narava v &hellip; <\/p>\n<p class=\"link-more\"><a href=\"http:\/\/www.severinkroj.com\/?page_id=1890\" class=\"more-link\">Preberi ve\u010d<span class=\"screen-reader-text\"> &#8220;CENTER PRENOVE&#8221;<\/span><\/a><\/p>\n","protected":false},"author":2,"featured_media":0,"parent":0,"menu_order":0,"comment_status":"closed","ping_status":"closed","template":"","meta":{"footnotes":""},"class_list":["post-1890","page","type-page","status-publish","hentry"],"_links":{"self":[{"href":"http:\/\/www.severinkroj.com\/index.php?rest_route=\/wp\/v2\/pages\/1890","targetHints":{"allow":["GET"]}}],"collection":[{"href":"http:\/\/www.severinkroj.com\/index.php?rest_route=\/wp\/v2\/pages"}],"about":[{"href":"http:\/\/www.severinkroj.com\/index.php?rest_route=\/wp\/v2\/types\/page"}],"author":[{"embeddable":true,"href":"http:\/\/www.severinkroj.com\/index.php?rest_route=\/wp\/v2\/users\/2"}],"replies":[{"embeddable":true,"href":"http:\/\/www.severinkroj.com\/index.php?rest_route=%2Fwp%2Fv2%2Fcomments&post=1890"}],"version-history":[{"count":23,"href":"http:\/\/www.severinkroj.com\/index.php?rest_route=\/wp\/v2\/pages\/1890\/revisions"}],"predecessor-version":[{"id":2087,"href":"http:\/\/www.severinkroj.com\/index.php?rest_route=\/wp\/v2\/pages\/1890\/revisions\/2087"}],"wp:attachment":[{"href":"http:\/\/www.severinkroj.com\/index.php?rest_route=%2Fwp%2Fv2%2Fmedia&parent=1890"}],"curies":[{"name":"wp","href":"https:\/\/api.w.org\/{rel}","templated":true}]}}