{"id":1727,"date":"2024-10-24T11:18:47","date_gmt":"2024-10-24T11:18:47","guid":{"rendered":"http:\/\/www.severinkroj.com\/?page_id=1727"},"modified":"2025-02-12T18:29:16","modified_gmt":"2025-02-12T18:29:16","slug":"ples-zivljenja","status":"publish","type":"page","link":"http:\/\/www.severinkroj.com\/?page_id=1727","title":{"rendered":"obredna predstava Ples \u017divljenja"},"content":{"rendered":"\n<p class=\"has-text-align-center has-medium-font-size\"><strong>Vstop v budno \u017eivljenje &amp; obredna predstava<\/strong><\/p>\n\n\n\n<p class=\"has-text-align-center\">S PRVIM SKLOPOM ZA\u010cNEMO V SOBOTO 15.2.2025 ob 10:00 (\u017dalec)<\/p>\n\n\n\n<figure class=\"wp-block-image\"><img decoding=\"async\" src=\"https:\/\/lh7-rt.googleusercontent.com\/docsz\/AD_4nXdSlSF7BI9_pMUlq2_8rFXFrQ8OmnPxwBA1IKAVjDKXppluM1xvHCOUyz9enJyRWUHpPqBwyEcNCM8l5JdXzGSzHdqAy7nR1jw5j9jFpuVt0RAlAG3lntlzBy01wObrzJDLzOY_8j863gmTA8H15GTSL4o?key=JFyH4pRornqIvVc40cOkCA\" alt=\"\"\/><\/figure>\n\n\n\n<p class=\"has-text-align-center\"><strong>5 mese\u010dni program PLES \u017dIVLJENJA ( Februar &#8211; junij )<\/strong><br><strong>6 celodnevnih sre\u010danj v \u017eivo, zadnji dogodek je obredna predstava za ob\u010dinstvo.<\/strong><\/p>\n\n\n\n<p><strong>Datumi:<\/strong><br>15. februar &#8211; prvi sklop\u00a0<br>29. marec &#8211; drugi sklop\u00a0<br>12. april &#8211; tretji sklop\u00a0<br>17. maj &#8211; \u010detrti sklop\u00a0<br>24. maj -peti sklop<br>22. junij &#8211; predstava na odru kulturnega doma \u017dalec<br><strong>Vsak sklop se pri\u010dne ob 10:00 (prihod med 9.30 in 9.45, da pri\u010dnemo ob uri) <\/strong><br><strong>in kon\u010da do 20h.<\/strong> Med fizi\u010dnimi sre\u010danji bodo tudi kratka zoom sre\u010danja celotne skupine. <\/p>\n\n\n\n<p class=\"has-medium-font-size\"><strong>Vsebina posameznih sklopov:&nbsp;<\/strong><\/p>\n\n\n\n<p><strong>1.sklop &#8211; <\/strong>Vzpostavljanje stika s sabo in s svojim telesom skozi dih, prepoznavanje ovir, blokad, ustvarjanje energijske preto\u010dnosti, povezovanje skupine, delo v parih, gibanje skozi arhetipe. <\/p>\n\n\n\n<p><strong>2.sklop &#8211; <\/strong>Vodena meditacija \u201cMoj potencial\u201d, ustvarjanje svojega portreta (moji darovi, talenti), igra &#8211; ples, raziskovanje glasu &#8211; vokalne vaje, uvod v odrske vaje.&nbsp;<\/p>\n\n\n\n<p><strong>3.sklop &#8211; <\/strong>Mo\u0161ki krog, \u017eenski krog, komunikacija v skupnem krogu, skupno ustvarjanje sporo\u010dila za predstavo, odrske vaje, dramilo<\/p>\n\n\n\n<p><strong>4.sklop<\/strong> &#8211; Odrske vaje, sestavljanje vseh solo predlogov v skupno enoto, ustvarjanje predmetov za predstavo.<\/p>\n\n\n\n<p><strong>5.sklop &#8211;<\/strong> Dokon\u010dna sestava predstave in vaja.<\/p>\n\n\n\n<p><strong>6. Na\u0161a predstava<\/strong> PLES \u017dIVLJENJA &#8211; generalka in nastop<\/p>\n\n\n\n<p>Med sre\u010danji bodo \u201cdoma\u010de naloge, glede na sklop\u201d in vsak zase bo vodil svoj integracijski dnevnik, ves \u010das pa bomo povezani v skupini (verjetno Whatsup\/viber,&#8230;), za sprotno komunikacijo in deljenje.&nbsp;Med sklopi pa bodo tudi kratka zoom sre\u010danja, ki bodo namenjena integraciji ter vzdr\u017eevanju kreativne energije.<\/p>\n\n\n\n<p><strong>Vsak sklop se pri\u010dne ob 10:00 (prihod med 9.30 in 9.45, da pri\u010dnemo ob uri).<\/strong><\/p>\n\n\n\n<p><strong>Vmes bo pavza za kosilo &#8211; za kuhano vegetarijansko kosilo bo poskrbljeno s strani na\u0161ega kuharja Kruna. Zaklju\u010dimo do 20. ure.&nbsp;<\/strong><\/p>\n\n\n\n<p class=\"has-text-align-center has-text-color has-link-color has-large-font-size wp-elements-91fe92ac0b5b711394cb87d238710145\" style=\"color:#009b62\"><strong><a href=\"https:\/\/forms.gle\/kr8GTcL4KnvBpgoJ6\" target=\"_blank\" rel=\"noreferrer noopener\">Tukaj izpolni\u0161 prijavni obrazec<\/a><\/strong><\/p>\n\n\n\n<p class=\"has-white-color has-text-color has-background has-link-color wp-elements-c2ad97ce3c611415f23cb665b4026c74\" style=\"background:linear-gradient(135deg,rgb(21,179,0) 0%,rgb(112,217,255) 100%)\"><strong>PRISPEVEK ZA IZMENJAVO: <br><\/strong>450\u20ac early bird prijava (<s>do 12.12.2024<\/s> <br><strong>Zaradi spremembe programa podalj\u0161ujemo do 5.2.2025<\/strong>)<br>500\u20ac \u010de na za\u010detku poravna\u0161 v celotnem znesku<br>3 obroki po 185\u20ac (skupaj 555\u20ac)<br><strong>Svoje mesto si zagotovi\u0161 z nakazilom 100\u20ac na ra\u010dun Dru\u0161tva MUC<\/strong>, <br>pri DH, ra\u010dun <strong>SI56 6100 0002 2918 925<\/strong> (Ples) <\/p>\n\n\n\n<p><strong>Iniciacija v budno \u017eivljenje. \u017divljenje, ki ga \u010dutimo, dihamo, negujemo, spo\u0161tujemo.&nbsp;<\/strong><br><em>Naj bo v najvi\u0161je dobro za vse sodelujo\u010de in za vse, ki se jih bo predstava dotaknila. <\/em><\/p>\n\n\n\n<p>Izku\u0161anje celotnega programa nas budi v <strong>globoko razumevanje<\/strong> sebe, drugih in svoje vloge, vloge drugih. Sorazmerna aktivacija mo\u0161kega in \u017eenskega principa v nas, bo vzpostavila <strong>ravnovesje <\/strong>v nas samih, v na\u0161ih odnosih, delu in na\u010dinu \u017eivljenja. Z novim razumevanjem in skupnim preporodom, se bomo opolnomo\u010dili na poti do celostne zrelosti.&nbsp;<\/p>\n\n\n\n<p class=\"has-text-align-center\"><a href=\"https:\/\/www.facebook.com\/events\/1685192225672434?active_tab=about\" data-type=\"link\" data-id=\"https:\/\/www.facebook.com\/events\/1685192225672434?active_tab=about\" target=\"_blank\" rel=\"noreferrer noopener\">\u010ce ti bolj le\u017ei facebook, je tukaj povezava na dogodek na FB. <\/a><\/p>\n\n\n\n<p class=\"has-text-align-center has-medium-font-size\"><strong>5 mese\u010dni program PLES \u017dIVLJENJA  <\/strong><br><strong>6 sklopov v \u017eivo, zadnji dogodek je obredna predstava za ob\u010dinstvo.<\/strong><\/p>\n\n\n\n<figure class=\"wp-block-embed is-type-video is-provider-youtube wp-block-embed-youtube wp-embed-aspect-16-9 wp-has-aspect-ratio\"><div class=\"wp-block-embed__wrapper\">\n<iframe loading=\"lazy\" title=\"PLES \u017dIVLJENJA PREDSTAVITEV\" width=\"525\" height=\"295\" src=\"https:\/\/www.youtube.com\/embed\/CyUFSc0VXu8?feature=oembed\" frameborder=\"0\" allow=\"accelerometer; autoplay; clipboard-write; encrypted-media; gyroscope; picture-in-picture; web-share\" referrerpolicy=\"strict-origin-when-cross-origin\" allowfullscreen><\/iframe>\n<\/div><figcaption class=\"wp-element-caption\">Ples \u017divljenja &#8211; 13 minutna video predstavitev<\/figcaption><\/figure>\n\n\n\n<p>Skozi proces 6 sklopov, bomo s pomo\u010djo razli\u010dnih vaj odstrli tan\u010dice lastnih in dru\u017ebenih ovir, pri\u010dakovanj, j<strong>&nbsp;vzpostavili globlji in tesnej\u0161i STIK s svojim telesom<\/strong>, pogledali v svoje darove, talente, se uglasili z \u017eivljenjem in z na\u0161im najglobljim namenom &#8211; <strong>zakaj smo tu.<\/strong><\/p>\n\n\n\n<p>Proces sre\u010danj nas bo podprl, <strong>da si dovolimo BITI VIDENI <\/strong>&#8211; stopiti na oder (se pokazati pred drugimi) kot polno utele\u0161enje sebe, izra\u017eeno skozi gib, ples, glas in kreacijo izdelkov, ki bodo tudi del skupne pripovedi.&nbsp;<\/p>\n\n\n\n<p>Soo\u010dili se bomo s svojimi sencami, strahovi, bole\u010dino in ranljivostjo, na\u0161li bomo ve\u010dne dele sebe in svojo mirno mo\u010d.&nbsp;<\/p>\n\n\n\n<p>Sila \u017eivljenja se bo izrazila skozi vsakega od nas na svojstven na\u010din.&nbsp;<\/p>\n\n\n\n<p>Zahvalili se bomo \u017eivljenju, da smo. Predstava je obredni preporod lastne zavesti o sebi, NA\u0160IH spoznanj o \u017eivljenju.<\/p>\n\n\n\n<p>Sre\u010danja so glede na proces v nekaterih delih lo\u010dena na mo\u0161ko skupino in \u017eensko skupino. V osnovi pa so sre\u010danja skupno potovanje. <\/p>\n\n\n\n<p>Umetnost in izra\u017eanje poskrbita za katarzo znotraj nas. S pomo\u010djo druga\u010dnih izku\u0161enj, kot smo jih bili navajeni do sedaj, se nam lahko spremeni celo \u017eivljenje. <\/p>\n\n\n\n<p class=\"has-text-align-center has-text-color has-link-color has-large-font-size wp-elements-15d13de5db4779eada756b9be56c797d\" style=\"color:#009e64\"><strong><a href=\"https:\/\/forms.gle\/kr8GTcL4KnvBpgoJ6\">Vstopi v budno \u017eivljenje zdaj<\/a> &#8211; prijavi se <\/strong><\/p>\n\n\n\n<p><em>Si se pripravljen\/a podati onkraj poznanega in raziskati sebe, svoj namen tukaj? Ali stopi\u0161 kdaj iz cone udobja? \u017deli\u0161 aktivirati svoja spoznanja v dejanja? Spraviti teorijo v prakso? Te zanima konkretno izku\u0161anje, do\u017eivljanje?&nbsp;<\/em><\/p>\n\n\n\n<p><em>U\u010denje, transformacija, rast, celjenje, vse to zaradi izku\u0161enj.&nbsp;<\/em><\/p>\n\n\n\n<p class=\"has-medium-font-size\"><strong>NAGOVOR MO\u0160KIM:<\/strong><\/p>\n\n\n\n<figure class=\"wp-block-image\"><img decoding=\"async\" src=\"https:\/\/lh7-rt.googleusercontent.com\/docsz\/AD_4nXfOXCQLbKCdHkQ07ygNlczG-gCwIw9HPoHRe2m4LCDDZggJpt4sG663_ADbf7O768FJsbArfSPKA7LfjAny7jXruZUJZxetDBRUaPN8RaOuPck3KC5JuBcOl8HnPgy267X_mTYVrELZZ6gGetJ0Yu4aoopz?key=JFyH4pRornqIvVc40cOkCA\" alt=\"\"\/><\/figure>\n\n\n\n<p>Mo\u0161ki, pove\u017ei se z izvorom tvoje mo\u010di. \u017divljenje te izziva, da se soo\u010di\u0161 s strahovi in stopi\u0161 pogumen korak naprej.<\/p>\n\n\n\n<p>Da bo\u0161 na\u0161el svoje mesto v svetu, je potrebna zrelost. Kar pomeni, da ne dovoli\u0161 ve\u010d, da tvoji lastni ob\u010dutki dol\u017enosti, pritiski in zahteve, pri\u010dakovanja bli\u017enjih, dru\u017eine, prednikov, dru\u017ebe manipulirajo s tabo. Tvoje delovanje postane mirno, jasno, prodorno. Ve\u0161 kdo si. Stoji\u0161 za svojimi na\u010deli, na\u010deli \u017eivljenja in to izra\u017ea\u0161 na jasen, odlo\u010den, a ljube\u010d na\u010din.<\/p>\n\n\n\n<p>Prepozna\u0161 svojo vlogo, za\u017eivi\u0161 \u017eivljenje na svoj na\u010din. Ker podpira\u0161, si podprt, ker hrani\u0161, si nahranjen. Tvoje \u017eivljenje dobi ve\u010dji smisel.&nbsp;<\/p>\n\n\n\n<figure class=\"wp-block-image\"><img decoding=\"async\" src=\"https:\/\/lh7-rt.googleusercontent.com\/docsz\/AD_4nXeqrwj7A7p4ltl5A8iaMuB4kB0wr3gwRy22MkseLHve1bL63ltPG7VJ0L_N05htHNMVDAQWctQTVJY8badJ0E4TeN84trC-x4ADqOkMHQh7yftbO2OZ6S8A5Bm2QcOVs4Y2xnuCa5rMcFOLtnlLq9swYXr9?key=JFyH4pRornqIvVc40cOkCA\" alt=\"\"\/><\/figure>\n\n\n\n<p>Pove\u017ee\u0161 se z ostalimi mo\u0161kimi na pristen, podporen na\u010din.&nbsp;<\/p>\n\n\n\n<p>Nau\u010di\u0161 se biti ob \u017eenski ali ob spreminjajo\u010di naravi \u017eivljenja, tako da ostane\u0161 miren v sebi, zvest sebi. Si postavljen steber sebi, \u017eivljenju in \u017eenski. Zna\u0161 sli\u0161ati in \u010dutiti. Navdihuje\u0161, meh\u010da\u0161 in odpira\u0161. Da se \u017eivljenje (\u017eenska, narava) odpre kot cvet in lahko vpija\u0161 \u010disto lepoto.&nbsp;<\/p>\n\n\n\n<p>Namen na\u0161ega delovanja je tudi, da preko telesa in zavedanja prakti\u010dno uporabljamo svojo ustvarjalno energijo, spolno mo\u010d, Ki, Qui, Kundalini za ustvarjanje, za celjenje, za izra\u017eanje, za<br>napredovanje, za povezovanje.<br><br>&nbsp;<img loading=\"lazy\" decoding=\"async\" width=\"415\" height=\"529\" src=\"https:\/\/lh7-rt.googleusercontent.com\/docsz\/AD_4nXdHSf6JcsHygILBFC8PHVcRTOUt20Xyo8vNCcThB7i0DZpLLJEP8WioMIHAkMeieVk5ZoaaAgf6HBXEt2KrJGDOYCldbwcx9dNeUv_KXMX0w2CSqGOxmKjX_zU73QTOcBLgDYEaBnL73GIDVQQZTttYAkY?key=JFyH4pRornqIvVc40cOkCA\"><\/p>\n\n\n\n<p class=\"has-medium-font-size\"><br><strong>NAGOVOR \u017dENSKAM:<\/strong><\/p>\n\n\n\n<figure class=\"wp-block-image\"><img decoding=\"async\" src=\"https:\/\/lh7-rt.googleusercontent.com\/docsz\/AD_4nXcEKshQ5nIf5MsxIn0nv9X_-09mplzYaU8F8ceutgedyzFgMk9rmcJ0x2P1Hq_FAn2l78hs8YZLlghXrwaUe4YDsTRaLmX96Z53AISg4hw7UD57Drl2QY0KBYKzH-MD0j3kqP-t3emrk_4Z-9KNcMwCCMvL?key=JFyH4pRornqIvVc40cOkCA\" alt=\"\"\/><\/figure>\n\n\n\n<p>\u017deli\u0161 biti glavna igralka na odru svojega \u017eivljenja?&nbsp;<\/p>\n\n\n\n<p>Si pripravljena narediti pogumen korak na svoji duhovni poti &#8211; da zasije\u0161, se prebije\u0161 \u010dez ovire, ki ti doslej niso dovolile, da se poka\u017ee\u0161, zacveti\u0161 v polnosti, resni\u010dnosti, lepoti?<\/p>\n\n\n\n<p>Stopi na oder in odple\u0161i svoj sveti ples, ples \u017eivljenja. Poka\u017ei, kdo si v resnici. To je iniciacija, da vstopi\u0161 na oder svojega \u017eivljenja v prvi vlogi, aktivni vlogi, ne le pasivne opazovalke.&nbsp;<\/p>\n\n\n\n<p>Skozi proces sre\u010danj bo\u0161 spoznala in raziskala zdravilno mo\u010d svojega lastnega giba in kundalini energije. Z novo zavestjo bo\u0161 o\u010distitila stare strukture prednikov in stopila na pot suverene \u017eenske. Na vsakem koraku v dnevu bo\u0161 postala svoja zaveznica.<\/p>\n\n\n\n<figure class=\"wp-block-image\"><img decoding=\"async\" src=\"https:\/\/lh7-rt.googleusercontent.com\/docsz\/AD_4nXdw8uOdhjYrvF-a8ltbBoitJSzoFEE16OpBOSr5cKQnaEOW5KWhSwILXiffXbvGUyOzc-Y4xWxwhIgPmXr0oaj130Dw8DzBcP9qyxdxKuKrKCcS1MN1v8p4SF_FBL6sYjb3dgXuLD-ikq7sXH0QDBUv3yBB?key=JFyH4pRornqIvVc40cOkCA\" alt=\"\"\/><\/figure>\n\n\n\n<p>Mogo\u010dni \u017eivljenjski energiji bo\u0161 dovolila, da se izrazi skozi pristne izraze tebe. Na tvoj unikaten enkraten na\u010din bo\u0161 v predstavi predala sporo\u010dilo, ki ga bo\u0161 utelesila skozi proces stapljanja s sabo, z vesoljem. To bo odzvanjalo tudi v tvoje vse bolj zavestno vsakodnevno gibanje, govor, delovanje.<\/p>\n\n\n\n<p>Imela bo\u0161 tudi izku\u0161njo podporo mo\u0161ke in \u017eenske skupine ter vodnikov programa. Skozi vaje bomo ozave\u0161\u010dali kolektivne vzorce in celili rane z novo zavestjo. V glavnem fokusu pa bo tudi kolektivni odnos med mo\u0161kim in \u017eensko, da uravnote\u017eimo oba principa v sebi in da se znamo povezati na podporen na\u010din.<em>&nbsp;<\/em><\/p>\n\n\n\n<figure class=\"wp-block-image\"><img decoding=\"async\" src=\"https:\/\/lh7-rt.googleusercontent.com\/docsz\/AD_4nXdhRZAS0eDj0boqouocgUti42jIE2UyV7YSZI711WDTSFae81f1i8KsZD__-uPE0XKW7Yp9RFF1M2dZhjcZk56P4NpwEcnnumDC3d1AhVfCtIpwwdGQgQkX1i43i4EE3eguhARLrUnmo-9WtWmHoeXYghO5?key=JFyH4pRornqIvVc40cOkCA\" alt=\"\"\/><\/figure>\n\n\n\n<p><em>\u201cPredstava bo \u010dista mo\u010d skupne kreacije. Manifestacija sporo\u010dila vsem nam in tistim, ki bodo predstavo do\u017eiveli. S predstavo bomo iniciacirali sami sebe v budno \u017eivljenje ter se zahvalili stvarstvu.\u201d<\/em><\/p>\n\n\n\n<figure class=\"wp-block-image\"><img decoding=\"async\" src=\"https:\/\/lh7-rt.googleusercontent.com\/docsz\/AD_4nXfq2Ip3nqpn-zB7XP2FkTxdl-oziLeiVjTuU-XNQWa6GquO04U8pU162C6gzw9vWS41Xo1hkkiIxLl-3lX-PpTWJAvHBAwVz_ly-_W6X8-VB6rWrijhPLShKyUgCSl89eNksZQQDrHz8adqOiEcgawzQjJc?key=JFyH4pRornqIvVc40cOkCA\" alt=\"\"\/><\/figure>\n\n\n\n<p class=\"has-text-align-center has-text-color has-link-color has-medium-font-size wp-elements-6950f5ca335cebdf240aead24a8b81a8\" style=\"color:#00955e\"><strong><a href=\"https:\/\/forms.gle\/kr8GTcL4KnvBpgoJ6\" target=\"_blank\" rel=\"noreferrer noopener\">Tukaj izpolni\u0161 prijavni obrazec<\/a><\/strong><\/p>\n\n\n\n<p><strong>KATERE AKTIVNOSTI NAS \u010cAKAJO?<\/strong><\/p>\n\n\n\n<ul class=\"wp-block-list\">\n<li>somatska \u010duje\u010dnost&nbsp;<\/li>\n\n\n\n<li>dihalne vaje, rebirthing<\/li>\n\n\n\n<li>vokalne vaje, spoznavanje glasu<\/li>\n\n\n\n<li>vaje za aktivacijo energije, prost pretok<\/li>\n\n\n\n<li>izra\u017eanje skozi skico, oblike, barve in simbole<\/li>\n\n\n\n<li>glasbeno soustvaranje,&nbsp;<\/li>\n\n\n\n<li>deljenje \/ pogovor &#8211; skupnost<\/li>\n\n\n\n<li>mo\u0161ki, \u017eenski in skupni krog<\/li>\n\n\n\n<li>integracija s pomo\u010djo pisanja dnevnika<\/li>\n\n\n\n<li>spontani ples, gibanje<\/li>\n\n\n\n<li>meditacija, \u010duje\u010dnost, prisotnost<\/li>\n\n\n\n<li>odrske vaje, method acting, anti\u010dni teater<\/li>\n\n\n\n<li>dramilo (skupinska razre\u0161itev kolektivne travme)<\/li>\n\n\n\n<li>spletna sre\u010danja z namenom integracjie<\/li>\n<\/ul>\n\n\n\n<figure class=\"wp-block-image\"><img decoding=\"async\" src=\"https:\/\/lh7-rt.googleusercontent.com\/docsz\/AD_4nXdb4eEp9INZHZTcHPqi8majoBRwvtWYYfhZyxGIGONWWahK8MrhdSHYiFB5YQQ7cAz-3gY-M9xagG1ZCbzBxaROuBBmnHdX0HDfLzzE_U8OBmCxI6fSEaEZ15WfKyEV_2_HuVhWKONPah6s2cACkNaMZV2Z?key=JFyH4pRornqIvVc40cOkCA\" alt=\"\"\/><\/figure>\n\n\n\n<p>Prvenstveno se bomo izrazili skozi svoj <strong>primarni in\u0161trument &#8211; telo<\/strong> (gib, ples, uporaba glasu in telesa za izvajanje zvokov. Da bi se gibalno, verbalno in vokalno izrazila ta mo\u010dna \u017eivljenjska sila skozi nas, ne potrebujemo plesnega, niti pevskega predznanja. Gre za samo-raziskovanje in dopu\u0161\u010danje sebi biti polni izraz trenutka, energije. Kot osebni izraz \u017eivljenjske sile. Za podporo temu procesu, bomo uporabili tudi <strong>sekundarne in\u0161trumente<\/strong>: glasbila in druge pripomo\u010dke.<br><br><img loading=\"lazy\" decoding=\"async\" width=\"503\" height=\"334\" src=\"https:\/\/lh7-rt.googleusercontent.com\/docsz\/AD_4nXcN3VjsjP01CAlWEchPslto1Dn-g8xeDGb-7wh_wbfQte5JCcrJnWs7VJsKQAEF-HbUV0eNwkYWsWLM2ZbEDDDDzz2ZGcbosyScAgvU63tTdMN1HIrBDSRrT-Jx4WDQzU2eQrllmUnRiC4onNRRHaJvraym?key=JFyH4pRornqIvVc40cOkCA\"><\/p>\n\n\n\n<p class=\"has-text-align-center has-text-color has-link-color has-medium-font-size wp-elements-6950f5ca335cebdf240aead24a8b81a8\" style=\"color:#00955e\"><strong><a href=\"https:\/\/forms.gle\/kr8GTcL4KnvBpgoJ6\" target=\"_blank\" rel=\"noreferrer noopener\">Tukaj izpolni\u0161 prijavni obrazec<\/a><\/strong><\/p>\n\n\n\n<p><strong>KLJU\u010cNI STEBRI SRE\u010cANJ:<\/strong><\/p>\n\n\n\n<figure class=\"wp-block-image\"><img decoding=\"async\" src=\"https:\/\/lh7-rt.googleusercontent.com\/docsz\/AD_4nXeHYHNaeRdQliGQwvUpUrQwDgWx5UrG91wDWE4tsl4A1d95uo-TSO-jxhlDu9O5xkr_BErBF8qYNoOtBNJPPrBv_Kll02JRCjIDTFJBPcHqZpcEvvpJmxzxTyvB-Rt1z-AxXbtKBXEnfSXQMA46rbG3TPwP?key=JFyH4pRornqIvVc40cOkCA\" alt=\"\"\/><\/figure>\n\n\n\n<p>&#8211; spro\u0161\u010danje napetosti in ovir na fizi\u010dni, mentalni in energijski ravni, da postanemo preto\u010dni<br>&#8211; ozave\u0161\u010danje sebe, prostora in podpore stvarstva<br>&#8211; prebujanje lastne mo\u010di, ki izhaja iz pristnosti in prisotnosti&nbsp;<br>&#8211; \u010dutenje sebe, drugih in skupnega&nbsp;<br>&#8211; prakse neposrednega na\u010dina izra\u017eanja, povezovanja in sodelovanja z drugimi<br>&#8211; razvijanje subtilnih mo\u010di, sposobnosti<br>&#8211; aktivacija lastnih potencialov in potenciala skupine<br>&#8211; skupinska razre\u0161itev kolektivne travme<br>&#8211; intimen, varen, podporen prostor znotraj skupine<br>&#8211; introspekcija&nbsp;<br>&#8211; deljenje svoje izku\u0161nje&nbsp;in sadov poglobljenega dela<br>&#8211; solo ustvarjanje in gora navdihov<br>&#8211; soustvarjanje predstave<\/p>\n\n\n\n<figure class=\"wp-block-image\"><img decoding=\"async\" src=\"https:\/\/lh7-rt.googleusercontent.com\/docsz\/AD_4nXfQrBpiwDEk9tZ0SUaDA43zVH_ZOGvhbpQXwo6KCT7brviJQLg-DboE8FaYYzHsA4xM5BZJNk2yhlSy74OgpDrSLC06bsBrliVuzARubfwz9MKT9lPS1tW2yJ9EL_LTkUPK2H4Q-jylLmMb3FasmrGrVUvY?key=JFyH4pRornqIvVc40cOkCA\" alt=\"\"\/><\/figure>\n\n\n\n<p><strong>KLJU\u010cNE BESEDE:<\/strong> #Samozavest, #samozavedanje, #preto\u010dno #telo, #osvobajanje od omejitev, #izra\u017eanje, #ustvarjanje, #sodelovanje, #direkten stik z virom, #katarza <\/p>\n\n\n\n<figure class=\"wp-block-gallery has-nested-images columns-default is-cropped wp-block-gallery-1 is-layout-flex wp-block-gallery-is-layout-flex\">\n<figure class=\"wp-block-image size-full\"><img loading=\"lazy\" decoding=\"async\" width=\"1067\" height=\"1600\" data-id=\"1753\" src=\"http:\/\/www.severinkroj.com\/wp-content\/uploads\/2024\/11\/unnamed-1.jpg\" alt=\"\" class=\"wp-image-1753\"\/><\/figure>\n\n\n\n<figure class=\"wp-block-image size-full\"><img loading=\"lazy\" decoding=\"async\" width=\"1067\" height=\"1600\" data-id=\"1754\" src=\"http:\/\/www.severinkroj.com\/wp-content\/uploads\/2024\/11\/unnamed.jpg\" alt=\"\" class=\"wp-image-1754\"\/><\/figure>\n<\/figure>\n\n\n\n<p><em><strong>Tvoje telo\u2026<\/strong><\/em><\/p>\n\n\n\n<p><em>Je orodje, z njim lahko izku\u0161a\u0161 \u017eivljenje, pomaga\u0161, izrazi\u0161 sporo\u010dila, zdravi\u0161 sebe in s tem zdravi\u0161 kolektivno. Vse je povezano, vse so-vpliva.&nbsp; Je kot glasbilo, ko s smiselnim gibanjem zaigra\u0161 na du\u0161o, za vse du\u0161e.&nbsp;<\/em><\/p>\n\n\n\n<p><strong>ZATE:<\/strong><\/p>\n\n\n\n<ul class=\"wp-block-list\">\n<li>ker \u010duti\u0161, da obstaja bolj polno in magi\u010dno \u017eivljenje, kot ga \u017eivi\u0161 sedaj<\/li>\n\n\n\n<li>ker dela\u0161 naslednje korake na svoji duhovni poti<\/li>\n\n\n\n<li>ker goji\u0161 zaupanje in sledi\u0161 svoji intuiciji&nbsp;<\/li>\n\n\n\n<li>ker si radoveden\/na, zanimajo te novi pristopi k \u017eivljenju,<\/li>\n\n\n\n<li>ker goji\u0161 vse bolj negovalen odnos do sebe in \u017eeli\u0161 izbirati zase tisto, kar te podpira v trenutku brez slabe vesti<\/li>\n\n\n\n<li>ker \u010duti\u0161, da je \u010das za (\u0161e) bolj pozitiven in ljube\u010d, pozoren odnos do tvojega telesa,<\/li>\n\n\n\n<li>da postane\u0161 bolj prisoten\/na v vsakem trenutku<\/li>\n\n\n\n<li>ker \u017eeli\u0161 ve\u010d kreativnosti v svojem \u017eivljenju<\/li>\n\n\n\n<li>da uravnovesi\u0161 racio in kreativni del mo\u017eganov<\/li>\n\n\n\n<li>saj si pripravljen\/a postati svoj steber<\/li>\n\n\n\n<li>ker se \u017eeli\u0161 jasno izra\u017eati v odnosih z ljudmi (brez zadr\u017ekov, pogumno, odlo\u010dno, jasno, samozavestno)<\/li>\n\n\n\n<li>da poglobi\u0161, izbolj\u0161a\u0161 besedno in nebesedno komunikacijo<\/li>\n\n\n\n<li>da za\u017eivi\u0161 bolj so\u010dno intimno \u017eivljenje<\/li>\n\n\n\n<li>da zasije\u0161 v vsej svoji avtenti\u010dnosti, unikatnosti in globoki lepoti&nbsp;<\/li>\n<\/ul>\n\n\n\n<figure class=\"wp-block-image\"><img decoding=\"async\" src=\"https:\/\/lh7-rt.googleusercontent.com\/docsz\/AD_4nXfl82VClJ5Zym-VtxyuD-9SmA_EHD_L2GRP-sOo05ZWHqIQbaAv8PXOOVVPgYu5Dwne8kozfuig8GzeTxZHKoj4RsGskdFHgD9F-z_KpcM5E9ggeQGOMCxPgckk1gbJz-RaGCuCeLEX7OyY6Eba_W3QFJdH?key=JFyH4pRornqIvVc40cOkCA\" alt=\"\"\/><\/figure>\n\n\n\n<p>\u010cas je\u2026,da<\/p>\n\n\n\n<p>\ud83d\udc9b<\/p>\n\n\n\n<p>z ljubeznijo in razumevanjem zacelimo svoje rane, rane kolektive in prednikov.&nbsp;<\/p>\n\n\n\n<p>\ud83d\udc9a<\/p>\n\n\n\n<p>z novim zavedanjem za\u010dnimo sodelovati in soustvarjati za vi\u0161je dobro vsega in vseh.<\/p>\n\n\n\n<p>\ud83e\udde1<\/p>\n\n\n\n<p>razumemo (in utelesimo) vlogo mo\u0161kega in \u017eenske, medsebojnega sodelovanja.&nbsp;<\/p>\n\n\n\n<p>\u2764\ufe0f<\/p>\n\n\n\n<p>uravnovesimo oba principa, mo\u0161kega in \u017eenskega tudi znotraj sebe in harmoni\u010dno sodelujemo v plesu \u017eivljenja.&nbsp;<\/p>\n\n\n\n<p>\ud83d\udc9c<\/p>\n\n\n\n<p><strong>KDAJ:<\/strong><br>S pri\u010detkom 12. januarja &#8211; zaklju\u010di se 22. junija.&nbsp; Zadnje sre\u010danje je predstava.<br>Vsako drugo nedeljo popoldne. Vsako sre\u010danje okvirno traja 4 ure. Od 16h do 20h.<br>Vsa sre\u010danja bodo potekala v \u017eivo ob nedeljah, povpre\u010dno dvakrat mese\u010dno.&nbsp;<\/p>\n\n\n\n<p>Namen programa je skupno potovanje od za\u010detka do konca, ker je to celota. Udele\u017eba po posameznih sklopih ni mo\u017ena.<\/p>\n\n\n\n<p><strong>KJE: <\/strong><br>Plesna Dvorana v \u017dalcu<\/p>\n\n\n\n<p class=\"has-white-color has-text-color has-background has-link-color wp-elements-06b718d3f6f627678bf1a940c97a788e\" style=\"background:linear-gradient(135deg,rgb(0,190,48) 0%,rgb(54,221,255) 100%)\"><strong>PRISPEVEK ZA IZMENJAVO: <br><\/strong>450\u20ac early bird (<s>do 12.12.2024<\/s> <br><strong>Zaradi spremembe programa podalj\u0161ujemo do 5.2.2025<\/strong>)<br>500\u20ac \u010de na za\u010detku poravna\u0161 v celotnem znesku<br>3 obroki po 185\u20ac (skupaj 555\u20ac)<br><strong>Svoje mesto si zagotovi\u0161 z nakazilom 100\u20ac na ra\u010dun Dru\u0161tva MUC<\/strong>, <br>pri DH, ra\u010dun <strong>SI56 6100 0002 2918 925<\/strong> (Ples) <\/p>\n\n\n\n<p class=\"has-text-align-center has-text-color has-link-color has-medium-font-size wp-elements-6950f5ca335cebdf240aead24a8b81a8\" style=\"color:#00955e\"><strong><a href=\"https:\/\/forms.gle\/kr8GTcL4KnvBpgoJ6\" target=\"_blank\" rel=\"noreferrer noopener\">Tukaj izpolni\u0161 prijavni obrazec<\/a><\/strong><\/p>\n\n\n\n<p><strong>KAJ PREJME\u0160 Z UDELE\u017dBO V PROCESU \u201cPLES \u017dIVLJENJA\u201d?<\/strong><\/p>\n\n\n\n<ul class=\"wp-block-list\">\n<li>6 intenzivnih sre\u010danj (vsako traja 10h) + 1 (zadnje) sre\u010danje je predstava<\/li>\n\n\n\n<li>spekter podpornih vaj koristnih za vsak dan<\/li>\n\n\n\n<li>podporo facilitatorjev tudi onkraj sre\u010danj<\/li>\n\n\n\n<li>pobude za samoaktivnost med sre\u010danji<\/li>\n\n\n\n<li>\u017eenski, mo\u0161ki in skupni krog<\/li>\n\n\n\n<li>varen prostor za izra\u017eanje<\/li>\n\n\n\n<li>mo\u010d skupne razre\u0161itve, sodelovanja in hitrej\u0161ega osebnega napredovanja<\/li>\n\n\n\n<li>temelji pristnega nastopanja in delovanja za vsak dan<\/li>\n\n\n\n<li>udejstvovanje v skupni predstavi<\/li>\n\n\n\n<li>material za ustvarjanje <\/li>\n\n\n\n<li>prigrizki in \u010daj<\/li>\n<\/ul>\n\n\n\n<p><strong>Sre\u010danja bodo vodena. <\/strong><br>Prostor bomo za vas dr\u017eali: <strong>Mojca Krivec in Kruno Vuljar<\/strong>,<strong> \u017diga Birsa<\/strong> in <strong>Annamaria Prezelj<\/strong><br>Idejo in sklope sta zasnovala Mojca in Kruno, za \u010de\u0161nje na tortah bosta poskrbela \u017diga in Annamaria. <br><\/p>\n\n\n\n<p><strong>Mojca<\/strong><\/p>\n\n\n\n<p><img loading=\"lazy\" decoding=\"async\" width=\"205\" height=\"270\" src=\"https:\/\/lh7-rt.googleusercontent.com\/docsz\/AD_4nXdkQQwd2XmFvioe4Y19OUkWJ1JE1_0Ux8bRsAf3kXxAzc51z2jDPAMAj5ivxpS4AK5epnkb6v84tTqEZKuEFuTk_5n-KnnWpUizXuzEH_5JFu74Y8C43JBvMLMSkNFn-p4ja6QJghvP2nFbCmBNPq_Erqhn?key=JFyH4pRornqIvVc40cOkCA\"><\/p>\n\n\n\n<p><em>Od otro\u0161tva sem povsod radovedno spremljala svojo mamo po alternativnih dogodkih. To me je vedno navdihovalo. Od \u0161ole dalje sem iskala svojo poklicno in osebno pot. Kot iz\u0161olana in\u017eenirka multimedije sem ugotovila, da mi je ve\u010dje veselje delati z ljudmi, kot s tehniko. Tako sem se dodatno izobra\u017eevala in se usmerila v delo s telesom, tako se pridobila \u0161e dodatni poklicni naziv &#8211; maser\/ka. Tu sem na\u0161la svoje mesto, ker lahko pomagam drugim. Od leta 2014 se ukvarjam z terapevtskimi masa\u017eami. Pri delu pogosto dobivam vpra\u0161anja, kako odpraviti kroni\u010dne bole\u010dine in te\u017eave. Ker pa sem tudi zase iskala re\u0161itev, je bil to povod, za moje raziskovanje metod, ki osvobajajo in pomagajo vzpostaviti ravnovesje in dobro po\u010dutje v psihi in telesu. Razne delavnice, dogodki, te\u010daji, delo v skupinah, obredi in tudi tantra, mi je dala globji vpogled, kako te\u010dejo energije v telesu, pa tudi v skupini. Kako podpreti sebe in posameznika ter pomagati spodbuditi preto\u010dnost in skrbeti za skupinsko dinamiko. Zavedam se prepletenosti psihe in telesa, zato \u017eelim s svojim pristopom spodbuditi samoopazovanje in pozornost posameznika nase.<\/em><\/p>\n\n\n\n<p><em>O plesnem delu mene: <\/em><em>Ples je zame kot dih, ko ple\u0161em se po\u010dutim zares \u017eiva. S plesom se ljubiteljsko ukvarjam od najstni\u0161tva. Poskusila sem raznovrstnost plesov, od tistih v paru, pa tudi solo in v skupini. Od modernih do starodobnih, pa ponovno modernih. V\u0161e\u010d mi je vsak ples. Lahko se gibam na glasbo ali brez nje. Znotraj pravil in brez njih. Vse ima svoj \u010dar. Vendar pa je ples, ko prisluhnem svojemu telesu in mu dovolim, da se premika, kot se samo \u017eeli, zdravilno. Saj se moje telo vzpostavlja nazaj v harmoni\u010dno delovanje in postane preto\u010dno in fizi\u010dno bolj mehko, gibko.<\/em><\/p>\n\n\n\n<p><em>Od nekdaj sem \u017eelela skozi gib sporo\u010dati tudi vsebino, zgodbo. Kot pristen teater, ko ne igra\u0161 nekoga drugega, temve\u010d poudari\u0161 to kar si. Moja bistvena \u017eelja zdaj je, da se zdru\u017eimo, da skupaj prebudimo ve\u010d zavedanja, slavimo svojo unikatnost in \u017eivljenje samo.<\/em><\/p>\n\n\n\n<hr class=\"wp-block-separator has-alpha-channel-opacity\"\/>\n\n\n\n<p><strong>Kruno<\/strong><\/p>\n\n\n\n<p><img loading=\"lazy\" decoding=\"async\" width=\"415\" height=\"529\" src=\"https:\/\/lh7-rt.googleusercontent.com\/docsz\/AD_4nXdHSf6JcsHygILBFC8PHVcRTOUt20Xyo8vNCcThB7i0DZpLLJEP8WioMIHAkMeieVk5ZoaaAgf6HBXEt2KrJGDOYCldbwcx9dNeUv_KXMX0w2CSqGOxmKjX_zU73QTOcBLgDYEaBnL73GIDVQQZTttYAkY?key=JFyH4pRornqIvVc40cOkCA\"><\/p>\n\n\n\n<p><em>Vedno sem imel veliko \u017eeljo pomagati drugim in dose\u010di harmonijo v odnosih.<\/em><\/p>\n\n\n\n<p><em>Tako sem se odlo\u010dil za vpis na gostinsko \u0161olo in postal kuhar, ki strastno in predano pripravlja hrano za ljudi.<\/em><\/p>\n\n\n\n<p><em>Bolj zavestno duhovno potovanje se je za\u010delo nekje pri mojih dvajsetih.<\/em><\/p>\n\n\n\n<p><em>Vadba aikida je odprla nov pogled na gibanje telesa, dihanje in vseprisotno energijo, imenovano Ki.<\/em><\/p>\n\n\n\n<p><em>Po tej izku\u0161nji sem se bolj povezal z naravo in za\u010del vrtnariti ter se vpisal na te\u010daj permakulture. Po koncu te\u010daja sem pomagal na raznih delavnicah in izobra\u017eevanjih na tem podro\u010dju.<\/em><\/p>\n\n\n\n<p><em>To me je opogumilo, da preneham delati v restavracijah in odprem svoje podjetje. Tako me je delo popeljalo na razli\u010dne dogodke, festivale in delavnice, kjer sem se od udele\u017eencev in u\u010diteljev nau\u010dil razli\u010dnih tehnik in pristopov svobodnega \u017eivljenja.<\/em><\/p>\n\n\n\n<p><em>Daoizem mi je pomagal, da sem se \u0161e bolje predal in vstopil v sedanji trenutek.<\/em><\/p>\n\n\n\n<p><em>Takrat se je odprlo zame \u0161e eno podro\u010dje &#8211; glasba. Globoka povezanost skozi igranje bobna in ples. \u010cista ekstaza bivanja.&nbsp;<\/em><\/p>\n\n\n\n<p><em>Vesel sem, ko lahko pomagam drugim, da pridejo do bolj\u0161ega razumevanja sebe, \u017eivljenja in sprememb na vsakodnevni ravni. Sodelovanje v skupini, komunikacija, medosebni odnosi, odnosi do narave in \u017eivali ter odnos do samega sebe, so zame temeljne teme.&nbsp;<\/em><\/p>\n\n\n\n<hr class=\"wp-block-separator has-alpha-channel-opacity\"\/>\n\n\n\n<p><strong>Annamaria<\/strong><\/p>\n\n\n\n<figure class=\"wp-block-image size-full is-resized\"><img loading=\"lazy\" decoding=\"async\" width=\"1440\" height=\"1440\" src=\"http:\/\/www.severinkroj.com\/wp-content\/uploads\/2024\/11\/anna.jpg\" alt=\"\" class=\"wp-image-1791\" style=\"width:383px;height:auto\"\/><\/figure>\n\n\n\n<p>Nekdanja profesionalna ko\u0161arka\u0161ica, soustanoviteljica prve \u0161ole ko\u0161arke v Sloveniji, namenjene deklicam. Facilitatorka Himalaya rebirthing in reiki mojstrica ve\u010dih sistemov, astrologinja in kmalu psihologinja. Veliko svojega \u010dasa namenja izobra\u017eevanju in raziskovanju razli\u010dnih podro\u010dji, ki nam pomagajo \u017eiveti bolj zavestno \u017eivljenje.&nbsp;<\/p>\n\n\n\n<p>Zase pravi da je alkimistka, saj zdru\u017euje vse kar ve in je. Vodi svoje \u017eenske kroge in program delo z notranjim otrokom, kjer posameznikom pomaga, da pogledajo v svoje otro\u0161tvo, se osvobodijo preteklosti in svobodno za\u017eivijo svojo sedanjost in iz globokega stika s seboj in \u017eivljenjem ustvarjajo svojo prihodnost.<\/p>\n\n\n\n<p>Usui, Kundalini in Shamballa Reiki master<\/p>\n\n\n\n<p>Rebirthing facilitator<\/p>\n\n\n\n<p>200h certified yoga teacher<\/p>\n\n\n\n<p>Certified meditation teacher<\/p>\n\n\n\n<hr class=\"wp-block-separator has-alpha-channel-opacity\"\/>\n\n\n\n<p><strong>\u017diga&nbsp;<\/strong><\/p>\n\n\n\n<figure class=\"wp-block-image size-full is-resized\"><img loading=\"lazy\" decoding=\"async\" width=\"3840\" height=\"5760\" src=\"http:\/\/www.severinkroj.com\/wp-content\/uploads\/2024\/10\/ziga-fg.jpg\" alt=\"\" class=\"wp-image-1736\" style=\"width:211px;height:auto\"\/><\/figure>\n\n\n\n<p><em>\u010clovek po naravni izobrazbi, potujem na krilih zvoka, sozvo\u010dij, soustvarjanja, enosti, skupne sre\u010de, ki jo lahko izku\u0161amo le v sedanjosti in sodelovanju. \u017de vrsto let raziskujem in izku\u0161am magi\u010dnost gledali\u0161kega in filmskega ustvarjanja, ki je vzporednica ponekod odrinjenim \u010darobnim notranjim svetovom. Tisto, kar \u010dlovek izkusi, tisto mu zares podari najve\u010d.  Zato od besed vedno k dejanjem, \u0161amanskim potovanjem, k obredom ob naravnih mejnikih, zvo\u010dnim vrelcem, dogodkom z namenom poglobitve stika z mirom v nas, takim in druga\u010dnim razre\u0161itvam, ko se vzpostavi naravni red. <\/em><\/p>\n\n\n\n<p><em>Osnova tega, kar predajam v sklopu tega programa, je tesno povezana z izku\u0161njami, ki prihajajo od ve\u010dletnega stika z igralsko metodo (method acting), kjer vsak izhaja iz lastnih izku\u0161enj, zato so odrski izdelki zelo pristni. Drugi del u\u010denja prihaja iz dela zavesti, ki vedno znova izku\u0161a akcijo &#8211; in ga odstira psihomagija, ki jo je ozavestil in nanjo opozoril Alejandro Jodorowski. Na podlagi lastnih izku\u0161enj smo ustvarili <a href=\"http:\/\/www.vse-eno.si\" target=\"_blank\" rel=\"noreferrer noopener\">ENO<\/a>, katerega zastopam in ga skozi obujanje teritorialne obrednosti tudi \u017eivim, tudi to je del filozofske podlage. <\/em><\/p>\n\n\n\n<p><em>Na\u0161a zemlja je sveta, starodavni svet je vsepovsod, ne samo v Egiptu, u\u010ditelji so vedno in vsepovsod pripravljeni deliti svoje znanje, \u010de jih navzo\u010de pokli\u010demo v na\u0161a \u017eivljenja. Osnovni elementi stvarstva Zrak, Ogenj, Voda, Les, Zemlja imajo svoje \u010darobne mo\u010di znotraj in zunaj nas. Prav tako smo obdani z ljube\u010do podporo, ki je v\u010dasih niti slutimo ne. Odprimo se svetu, stopimo izven cone udobja in dojemimo preprostost bivanja, mehkobo sprejemanja, svobodo izra\u017eanja, lepote \u017eivljenja. <\/em><\/p>\n\n\n\n<p><a href=\"http:\/\/www.severinkroj.com\" target=\"_blank\" rel=\"noreferrer noopener\"><strong>Ho\u010dem domov<\/strong><\/a><br><\/p>\n","protected":false},"excerpt":{"rendered":"<p>Vstop v budno \u017eivljenje &amp; obredna predstava S PRVIM SKLOPOM ZA\u010cNEMO V SOBOTO 15.2.2025 ob 10:00 (\u017dalec) 5 mese\u010dni program PLES \u017dIVLJENJA ( Februar &#8211; junij )6 celodnevnih sre\u010danj v \u017eivo, zadnji dogodek je obredna predstava za ob\u010dinstvo. Datumi:15. februar &#8211; prvi sklop\u00a029. marec &#8211; drugi sklop\u00a012. april &#8211; tretji sklop\u00a017. maj &#8211; \u010detrti sklop\u00a024. &hellip; <\/p>\n<p class=\"link-more\"><a href=\"http:\/\/www.severinkroj.com\/?page_id=1727\" class=\"more-link\">Preberi ve\u010d<span class=\"screen-reader-text\"> &#8220;obredna predstava Ples \u017divljenja&#8221;<\/span><\/a><\/p>\n","protected":false},"author":2,"featured_media":0,"parent":0,"menu_order":0,"comment_status":"closed","ping_status":"closed","template":"","meta":{"footnotes":""},"class_list":["post-1727","page","type-page","status-publish","hentry"],"_links":{"self":[{"href":"http:\/\/www.severinkroj.com\/index.php?rest_route=\/wp\/v2\/pages\/1727","targetHints":{"allow":["GET"]}}],"collection":[{"href":"http:\/\/www.severinkroj.com\/index.php?rest_route=\/wp\/v2\/pages"}],"about":[{"href":"http:\/\/www.severinkroj.com\/index.php?rest_route=\/wp\/v2\/types\/page"}],"author":[{"embeddable":true,"href":"http:\/\/www.severinkroj.com\/index.php?rest_route=\/wp\/v2\/users\/2"}],"replies":[{"embeddable":true,"href":"http:\/\/www.severinkroj.com\/index.php?rest_route=%2Fwp%2Fv2%2Fcomments&post=1727"}],"version-history":[{"count":37,"href":"http:\/\/www.severinkroj.com\/index.php?rest_route=\/wp\/v2\/pages\/1727\/revisions"}],"predecessor-version":[{"id":1879,"href":"http:\/\/www.severinkroj.com\/index.php?rest_route=\/wp\/v2\/pages\/1727\/revisions\/1879"}],"wp:attachment":[{"href":"http:\/\/www.severinkroj.com\/index.php?rest_route=%2Fwp%2Fv2%2Fmedia&parent=1727"}],"curies":[{"name":"wp","href":"https:\/\/api.w.org\/{rel}","templated":true}]}}